{"id":293,"date":"2022-02-14T14:17:18","date_gmt":"2022-02-14T13:17:18","guid":{"rendered":"https:\/\/kavickujeme.emcubio.sk\/?product=cuba-lavado"},"modified":"2022-04-05T16:27:03","modified_gmt":"2022-04-05T14:27:03","slug":"cuba-lavado","status":"publish","type":"product","link":"https:\/\/kavickujeme.emcubio.sk\/?product=cuba-lavado","title":{"rendered":"Cuba Lavado"},"content":{"rendered":"<p>Bolo by udivuj\u00face, keby Kuba k\u00a0svoj\u00edm jemn\u00fdm d\u00fatnikom neprodukovala tie\u017e\u00a0vynikaj\u00edcu\u00a0k\u00e1vu. Kub\u00e1nska\u00a0k\u00e1va m\u00e1 \u010dist\u00fa\u00a0chu\u0165, pr\u00edjemn\u00fa, nepr\u00edli\u0161 siln\u00fa\u00a0plnos\u0165\u00a0a obsahuje menej\u00a0kysel\u00edn ne\u017e in\u00e9 stredoamerick\u00e9 k\u00e1vy, preto\u017ee je pestovan\u00e1\u00a0v n\u00edzkych poloh\u00e1ch. Av\u0161ak, \u010do se jej\u00a0kvality t\u00fdka, je rovnocenn\u00fdm partnerom k\u00e1v Juhoamerick\u00fdch.<\/p>\n","protected":false},"excerpt":{"rendered":"<p>Bolo by udivuj\u00face, keby Kuba k\u00a0svoj\u00edm jemn\u00fdm d\u00fatnikom neprodukovala tie\u017e\u00a0vynikaj\u00edcu\u00a0k\u00e1vu. Kub\u00e1nska\u00a0k\u00e1va m\u00e1 \u010dist\u00fa\u00a0chu\u0165, pr\u00edjemn\u00fa, nepr\u00edli\u0161 siln\u00fa\u00a0plnos\u0165\u00a0a obsahuje menej\u00a0kysel\u00edn ne\u017e in\u00e9 stredoamerick\u00e9 k\u00e1vy, preto\u017ee je pestovan\u00e1\u00a0v n\u00edzkych poloh\u00e1ch. Av\u0161ak, \u010do se [&hellip;]<\/p>\n","protected":false},"featured_media":470,"comment_status":"open","ping_status":"closed","template":"","meta":[],"product_cat":[21],"product_tag":[],"yoast_head":"<!-- This site is optimized with the Yoast SEO plugin v18.5.1 - https:\/\/yoast.com\/wordpress\/plugins\/seo\/ -->\n<title>Cuba Lavado - Kavickujeme<\/title>\n<meta name=\"robots\" content=\"noindex, follow, max-snippet:-1, max-image-preview:large, max-video-preview:-1\" \/>\n<meta property=\"og:locale\" content=\"sk_SK\" \/>\n<meta property=\"og:type\" content=\"article\" \/>\n<meta property=\"og:title\" content=\"Cuba Lavado - Kavickujeme\" \/>\n<meta property=\"og:description\" content=\"Bolo by udivuj\u00face, keby Kuba k\u00a0svoj\u00edm jemn\u00fdm d\u00fatnikom neprodukovala tie\u017e\u00a0vynikaj\u00edcu\u00a0k\u00e1vu. Kub\u00e1nska\u00a0k\u00e1va m\u00e1 \u010dist\u00fa\u00a0chu\u0165, pr\u00edjemn\u00fa, nepr\u00edli\u0161 siln\u00fa\u00a0plnos\u0165\u00a0a obsahuje menej\u00a0kysel\u00edn ne\u017e in\u00e9 stredoamerick\u00e9 k\u00e1vy, preto\u017ee je pestovan\u00e1\u00a0v n\u00edzkych poloh\u00e1ch. Av\u0161ak, \u010do se [&hellip;]\" \/>\n<meta property=\"og:url\" content=\"https:\/\/kavickujeme.emcubio.sk\/?product=cuba-lavado\" \/>\n<meta property=\"og:site_name\" content=\"Kavickujeme\" \/>\n<meta property=\"article:modified_time\" content=\"2022-04-05T14:27:03+00:00\" \/>\n<meta property=\"og:image\" content=\"https:\/\/kavickujeme.emcubio.sk\/wp-content\/uploads\/2022\/02\/Cuba-Lavado.jpg\" \/>\n\t<meta property=\"og:image:width\" content=\"310\" \/>\n\t<meta property=\"og:image:height\" content=\"390\" \/>\n\t<meta property=\"og:image:type\" content=\"image\/jpeg\" \/>\n<meta name=\"twitter:card\" content=\"summary_large_image\" \/>\n<script type=\"application\/ld+json\" class=\"yoast-schema-graph\">{\"@context\":\"https:\/\/schema.org\",\"@graph\":[{\"@type\":\"WebSite\",\"@id\":\"https:\/\/kavickujeme.emcubio.sk\/#website\",\"url\":\"https:\/\/kavickujeme.emcubio.sk\/\",\"name\":\"Kavickujeme\",\"description\":\"Len \u010fal\u0161ia WordPress str\u00e1nka\",\"potentialAction\":[{\"@type\":\"SearchAction\",\"target\":{\"@type\":\"EntryPoint\",\"urlTemplate\":\"https:\/\/kavickujeme.emcubio.sk\/?s={search_term_string}\"},\"query-input\":\"required name=search_term_string\"}],\"inLanguage\":\"sk-SK\"},{\"@type\":\"ImageObject\",\"@id\":\"https:\/\/kavickujeme.emcubio.sk\/?product=cuba-lavado#primaryimage\",\"inLanguage\":\"sk-SK\",\"url\":\"https:\/\/kavickujeme.emcubio.sk\/wp-content\/uploads\/2022\/02\/Cuba-Lavado.jpg\",\"contentUrl\":\"https:\/\/kavickujeme.emcubio.sk\/wp-content\/uploads\/2022\/02\/Cuba-Lavado.jpg\",\"width\":310,\"height\":390},{\"@type\":\"WebPage\",\"@id\":\"https:\/\/kavickujeme.emcubio.sk\/?product=cuba-lavado#webpage\",\"url\":\"https:\/\/kavickujeme.emcubio.sk\/?product=cuba-lavado\",\"name\":\"Cuba Lavado - Kavickujeme\",\"isPartOf\":{\"@id\":\"https:\/\/kavickujeme.emcubio.sk\/#website\"},\"primaryImageOfPage\":{\"@id\":\"https:\/\/kavickujeme.emcubio.sk\/?product=cuba-lavado#primaryimage\"},\"datePublished\":\"2022-02-14T13:17:18+00:00\",\"dateModified\":\"2022-04-05T14:27:03+00:00\",\"breadcrumb\":{\"@id\":\"https:\/\/kavickujeme.emcubio.sk\/?product=cuba-lavado#breadcrumb\"},\"inLanguage\":\"sk-SK\",\"potentialAction\":[{\"@type\":\"ReadAction\",\"target\":[\"https:\/\/kavickujeme.emcubio.sk\/?product=cuba-lavado\"]}]},{\"@type\":\"BreadcrumbList\",\"@id\":\"https:\/\/kavickujeme.emcubio.sk\/?product=cuba-lavado#breadcrumb\",\"itemListElement\":[{\"@type\":\"ListItem\",\"position\":1,\"name\":\"Home\",\"item\":\"https:\/\/kavickujeme.emcubio.sk\/\"},{\"@type\":\"ListItem\",\"position\":2,\"name\":\"Obchod\",\"item\":\"https:\/\/kavickujeme.emcubio.sk\/?page_id=6\"},{\"@type\":\"ListItem\",\"position\":3,\"name\":\"Cuba Lavado\"}]}]}<\/script>\n<!-- \/ Yoast SEO plugin. -->","yoast_head_json":{"title":"Cuba Lavado - Kavickujeme","robots":{"index":"noindex","follow":"follow","max-snippet":"max-snippet:-1","max-image-preview":"max-image-preview:large","max-video-preview":"max-video-preview:-1"},"og_locale":"sk_SK","og_type":"article","og_title":"Cuba Lavado - Kavickujeme","og_description":"Bolo by udivuj\u00face, keby Kuba k\u00a0svoj\u00edm jemn\u00fdm d\u00fatnikom neprodukovala tie\u017e\u00a0vynikaj\u00edcu\u00a0k\u00e1vu. Kub\u00e1nska\u00a0k\u00e1va m\u00e1 \u010dist\u00fa\u00a0chu\u0165, pr\u00edjemn\u00fa, nepr\u00edli\u0161 siln\u00fa\u00a0plnos\u0165\u00a0a obsahuje menej\u00a0kysel\u00edn ne\u017e in\u00e9 stredoamerick\u00e9 k\u00e1vy, preto\u017ee je pestovan\u00e1\u00a0v n\u00edzkych poloh\u00e1ch. Av\u0161ak, \u010do se [&hellip;]","og_url":"https:\/\/kavickujeme.emcubio.sk\/?product=cuba-lavado","og_site_name":"Kavickujeme","article_modified_time":"2022-04-05T14:27:03+00:00","og_image":[{"width":310,"height":390,"url":"https:\/\/kavickujeme.emcubio.sk\/wp-content\/uploads\/2022\/02\/Cuba-Lavado.jpg","type":"image\/jpeg"}],"twitter_card":"summary_large_image","schema":{"@context":"https:\/\/schema.org","@graph":[{"@type":"WebSite","@id":"https:\/\/kavickujeme.emcubio.sk\/#website","url":"https:\/\/kavickujeme.emcubio.sk\/","name":"Kavickujeme","description":"Len \u010fal\u0161ia WordPress str\u00e1nka","potentialAction":[{"@type":"SearchAction","target":{"@type":"EntryPoint","urlTemplate":"https:\/\/kavickujeme.emcubio.sk\/?s={search_term_string}"},"query-input":"required name=search_term_string"}],"inLanguage":"sk-SK"},{"@type":"ImageObject","@id":"https:\/\/kavickujeme.emcubio.sk\/?product=cuba-lavado#primaryimage","inLanguage":"sk-SK","url":"https:\/\/kavickujeme.emcubio.sk\/wp-content\/uploads\/2022\/02\/Cuba-Lavado.jpg","contentUrl":"https:\/\/kavickujeme.emcubio.sk\/wp-content\/uploads\/2022\/02\/Cuba-Lavado.jpg","width":310,"height":390},{"@type":"WebPage","@id":"https:\/\/kavickujeme.emcubio.sk\/?product=cuba-lavado#webpage","url":"https:\/\/kavickujeme.emcubio.sk\/?product=cuba-lavado","name":"Cuba Lavado - Kavickujeme","isPartOf":{"@id":"https:\/\/kavickujeme.emcubio.sk\/#website"},"primaryImageOfPage":{"@id":"https:\/\/kavickujeme.emcubio.sk\/?product=cuba-lavado#primaryimage"},"datePublished":"2022-02-14T13:17:18+00:00","dateModified":"2022-04-05T14:27:03+00:00","breadcrumb":{"@id":"https:\/\/kavickujeme.emcubio.sk\/?product=cuba-lavado#breadcrumb"},"inLanguage":"sk-SK","potentialAction":[{"@type":"ReadAction","target":["https:\/\/kavickujeme.emcubio.sk\/?product=cuba-lavado"]}]},{"@type":"BreadcrumbList","@id":"https:\/\/kavickujeme.emcubio.sk\/?product=cuba-lavado#breadcrumb","itemListElement":[{"@type":"ListItem","position":1,"name":"Home","item":"https:\/\/kavickujeme.emcubio.sk\/"},{"@type":"ListItem","position":2,"name":"Obchod","item":"https:\/\/kavickujeme.emcubio.sk\/?page_id=6"},{"@type":"ListItem","position":3,"name":"Cuba Lavado"}]}]}},"_links":{"self":[{"href":"https:\/\/kavickujeme.emcubio.sk\/index.php?rest_route=\/wp\/v2\/product\/293"}],"collection":[{"href":"https:\/\/kavickujeme.emcubio.sk\/index.php?rest_route=\/wp\/v2\/product"}],"about":[{"href":"https:\/\/kavickujeme.emcubio.sk\/index.php?rest_route=\/wp\/v2\/types\/product"}],"replies":[{"embeddable":true,"href":"https:\/\/kavickujeme.emcubio.sk\/index.php?rest_route=%2Fwp%2Fv2%2Fcomments&post=293"}],"wp:featuredmedia":[{"embeddable":true,"href":"https:\/\/kavickujeme.emcubio.sk\/index.php?rest_route=\/wp\/v2\/media\/470"}],"wp:attachment":[{"href":"https:\/\/kavickujeme.emcubio.sk\/index.php?rest_route=%2Fwp%2Fv2%2Fmedia&parent=293"}],"wp:term":[{"taxonomy":"product_cat","embeddable":true,"href":"https:\/\/kavickujeme.emcubio.sk\/index.php?rest_route=%2Fwp%2Fv2%2Fproduct_cat&post=293"},{"taxonomy":"product_tag","embeddable":true,"href":"https:\/\/kavickujeme.emcubio.sk\/index.php?rest_route=%2Fwp%2Fv2%2Fproduct_tag&post=293"}],"curies":[{"name":"wp","href":"https:\/\/api.w.org\/{rel}","templated":true}]}}