{"id":177,"date":"2022-02-14T14:17:04","date_gmt":"2022-02-14T13:17:04","guid":{"rendered":"https:\/\/kavickujeme.emcubio.sk\/?product=brasil-carmo-de-minas"},"modified":"2022-04-05T14:28:06","modified_gmt":"2022-04-05T12:28:06","slug":"brasil-carmo-de-minas","status":"publish","type":"product","link":"https:\/\/kavickujeme.emcubio.sk\/?product=brasil-carmo-de-minas","title":{"rendered":"Brasil Carmo de Minas"},"content":{"rendered":"<p>Chu\u0165ov\u00fd profil tejto \u0161\u0165avnatej\u00a0a v\u00fdrazne\u00a0aromatickej\u00a0k\u00e1vy je ve\u013emi komplexn\u00fd\u00a0a v priebehu zost\u00e1v\u00e1 konzistentn\u00fd.\u00a0Jej\u00a0celkov\u00e1 h\u013abka chuti je d\u00e1na 100% podielom\u00a0solit\u00e9rov\u00a0odrody Yellow Bourbon Arabica, ktor\u00e1 n\u00e1m po spracovan\u00ed sp\u00f4sobom pulped natural d\u00e1v\u00e1 v\u00fdnimo\u010dne\u00a0\u010dist\u00fa\u00a0stredne\u00a0pln\u00fa\u00a0chu\u0165. T\u00e1to kombin\u00e1cia\u00a0nech\u00e1 \u010diasto\u010dne\u00a0vynikn\u00fa\u0165\u00a0svie\u017ei charakter danej\u00a0odrody, aby sa neprebili sladk\u00e9 t\u00f3ny a vhodne tak doplnili telo s n\u00e1dychom c\u00e9dru a \u0161korice.<\/p>\n","protected":false},"excerpt":{"rendered":"<p>Chu\u0165ov\u00fd profil tejto \u0161\u0165avnatej\u00a0a v\u00fdrazne\u00a0aromatickej\u00a0k\u00e1vy je ve\u013emi komplexn\u00fd\u00a0a v priebehu zost\u00e1v\u00e1 konzistentn\u00fd.\u00a0Jej\u00a0celkov\u00e1 h\u013abka chuti je d\u00e1na 100% podielom\u00a0solit\u00e9rov\u00a0odrody Yellow Bourbon Arabica, ktor\u00e1 n\u00e1m po spracovan\u00ed sp\u00f4sobom pulped natural d\u00e1v\u00e1 v\u00fdnimo\u010dne\u00a0\u010dist\u00fa\u00a0stredne\u00a0pln\u00fa\u00a0chu\u0165. [&hellip;]<\/p>\n","protected":false},"featured_media":343,"comment_status":"open","ping_status":"closed","template":"","meta":[],"product_cat":[21],"product_tag":[],"yoast_head":"<!-- This site is optimized with the Yoast SEO plugin v18.5.1 - https:\/\/yoast.com\/wordpress\/plugins\/seo\/ -->\n<title>Brasil Carmo de Minas - Kavickujeme<\/title>\n<meta name=\"robots\" content=\"noindex, follow, max-snippet:-1, max-image-preview:large, max-video-preview:-1\" \/>\n<meta property=\"og:locale\" content=\"sk_SK\" \/>\n<meta property=\"og:type\" content=\"article\" \/>\n<meta property=\"og:title\" content=\"Brasil Carmo de Minas - Kavickujeme\" \/>\n<meta property=\"og:description\" content=\"Chu\u0165ov\u00fd profil tejto \u0161\u0165avnatej\u00a0a v\u00fdrazne\u00a0aromatickej\u00a0k\u00e1vy je ve\u013emi komplexn\u00fd\u00a0a v priebehu zost\u00e1v\u00e1 konzistentn\u00fd.\u00a0Jej\u00a0celkov\u00e1 h\u013abka chuti je d\u00e1na 100% podielom\u00a0solit\u00e9rov\u00a0odrody Yellow Bourbon Arabica, ktor\u00e1 n\u00e1m po spracovan\u00ed sp\u00f4sobom pulped natural d\u00e1v\u00e1 v\u00fdnimo\u010dne\u00a0\u010dist\u00fa\u00a0stredne\u00a0pln\u00fa\u00a0chu\u0165. [&hellip;]\" \/>\n<meta property=\"og:url\" content=\"https:\/\/kavickujeme.emcubio.sk\/?product=brasil-carmo-de-minas\" \/>\n<meta property=\"og:site_name\" content=\"Kavickujeme\" \/>\n<meta property=\"article:modified_time\" content=\"2022-04-05T12:28:06+00:00\" \/>\n<meta name=\"twitter:card\" content=\"summary_large_image\" \/>\n<meta name=\"twitter:image\" content=\"https:\/\/kavickujeme.emcubio.sk\/wp-content\/uploads\/2022\/02\/Brasil-Carmo-de-Minas.webp\" \/>\n<script type=\"application\/ld+json\" class=\"yoast-schema-graph\">{\"@context\":\"https:\/\/schema.org\",\"@graph\":[{\"@type\":\"WebSite\",\"@id\":\"https:\/\/kavickujeme.emcubio.sk\/#website\",\"url\":\"https:\/\/kavickujeme.emcubio.sk\/\",\"name\":\"Kavickujeme\",\"description\":\"Len \u010fal\u0161ia WordPress str\u00e1nka\",\"potentialAction\":[{\"@type\":\"SearchAction\",\"target\":{\"@type\":\"EntryPoint\",\"urlTemplate\":\"https:\/\/kavickujeme.emcubio.sk\/?s={search_term_string}\"},\"query-input\":\"required name=search_term_string\"}],\"inLanguage\":\"sk-SK\"},{\"@type\":\"ImageObject\",\"@id\":\"https:\/\/kavickujeme.emcubio.sk\/?product=brasil-carmo-de-minas#primaryimage\",\"inLanguage\":\"sk-SK\",\"url\":\"https:\/\/kavickujeme.emcubio.sk\/wp-content\/uploads\/2022\/02\/Brasil-Carmo-de-Minas.webp\",\"contentUrl\":\"https:\/\/kavickujeme.emcubio.sk\/wp-content\/uploads\/2022\/02\/Brasil-Carmo-de-Minas.webp\",\"width\":252,\"height\":252},{\"@type\":\"WebPage\",\"@id\":\"https:\/\/kavickujeme.emcubio.sk\/?product=brasil-carmo-de-minas#webpage\",\"url\":\"https:\/\/kavickujeme.emcubio.sk\/?product=brasil-carmo-de-minas\",\"name\":\"Brasil Carmo de Minas - Kavickujeme\",\"isPartOf\":{\"@id\":\"https:\/\/kavickujeme.emcubio.sk\/#website\"},\"primaryImageOfPage\":{\"@id\":\"https:\/\/kavickujeme.emcubio.sk\/?product=brasil-carmo-de-minas#primaryimage\"},\"datePublished\":\"2022-02-14T13:17:04+00:00\",\"dateModified\":\"2022-04-05T12:28:06+00:00\",\"breadcrumb\":{\"@id\":\"https:\/\/kavickujeme.emcubio.sk\/?product=brasil-carmo-de-minas#breadcrumb\"},\"inLanguage\":\"sk-SK\",\"potentialAction\":[{\"@type\":\"ReadAction\",\"target\":[\"https:\/\/kavickujeme.emcubio.sk\/?product=brasil-carmo-de-minas\"]}]},{\"@type\":\"BreadcrumbList\",\"@id\":\"https:\/\/kavickujeme.emcubio.sk\/?product=brasil-carmo-de-minas#breadcrumb\",\"itemListElement\":[{\"@type\":\"ListItem\",\"position\":1,\"name\":\"Home\",\"item\":\"https:\/\/kavickujeme.emcubio.sk\/\"},{\"@type\":\"ListItem\",\"position\":2,\"name\":\"Obchod\",\"item\":\"https:\/\/kavickujeme.emcubio.sk\/?page_id=6\"},{\"@type\":\"ListItem\",\"position\":3,\"name\":\"Brasil Carmo de Minas\"}]}]}<\/script>\n<!-- \/ Yoast SEO plugin. -->","yoast_head_json":{"title":"Brasil Carmo de Minas - Kavickujeme","robots":{"index":"noindex","follow":"follow","max-snippet":"max-snippet:-1","max-image-preview":"max-image-preview:large","max-video-preview":"max-video-preview:-1"},"og_locale":"sk_SK","og_type":"article","og_title":"Brasil Carmo de Minas - Kavickujeme","og_description":"Chu\u0165ov\u00fd profil tejto \u0161\u0165avnatej\u00a0a v\u00fdrazne\u00a0aromatickej\u00a0k\u00e1vy je ve\u013emi komplexn\u00fd\u00a0a v priebehu zost\u00e1v\u00e1 konzistentn\u00fd.\u00a0Jej\u00a0celkov\u00e1 h\u013abka chuti je d\u00e1na 100% podielom\u00a0solit\u00e9rov\u00a0odrody Yellow Bourbon Arabica, ktor\u00e1 n\u00e1m po spracovan\u00ed sp\u00f4sobom pulped natural d\u00e1v\u00e1 v\u00fdnimo\u010dne\u00a0\u010dist\u00fa\u00a0stredne\u00a0pln\u00fa\u00a0chu\u0165. [&hellip;]","og_url":"https:\/\/kavickujeme.emcubio.sk\/?product=brasil-carmo-de-minas","og_site_name":"Kavickujeme","article_modified_time":"2022-04-05T12:28:06+00:00","twitter_card":"summary_large_image","twitter_image":"https:\/\/kavickujeme.emcubio.sk\/wp-content\/uploads\/2022\/02\/Brasil-Carmo-de-Minas.webp","schema":{"@context":"https:\/\/schema.org","@graph":[{"@type":"WebSite","@id":"https:\/\/kavickujeme.emcubio.sk\/#website","url":"https:\/\/kavickujeme.emcubio.sk\/","name":"Kavickujeme","description":"Len \u010fal\u0161ia WordPress str\u00e1nka","potentialAction":[{"@type":"SearchAction","target":{"@type":"EntryPoint","urlTemplate":"https:\/\/kavickujeme.emcubio.sk\/?s={search_term_string}"},"query-input":"required name=search_term_string"}],"inLanguage":"sk-SK"},{"@type":"ImageObject","@id":"https:\/\/kavickujeme.emcubio.sk\/?product=brasil-carmo-de-minas#primaryimage","inLanguage":"sk-SK","url":"https:\/\/kavickujeme.emcubio.sk\/wp-content\/uploads\/2022\/02\/Brasil-Carmo-de-Minas.webp","contentUrl":"https:\/\/kavickujeme.emcubio.sk\/wp-content\/uploads\/2022\/02\/Brasil-Carmo-de-Minas.webp","width":252,"height":252},{"@type":"WebPage","@id":"https:\/\/kavickujeme.emcubio.sk\/?product=brasil-carmo-de-minas#webpage","url":"https:\/\/kavickujeme.emcubio.sk\/?product=brasil-carmo-de-minas","name":"Brasil Carmo de Minas - Kavickujeme","isPartOf":{"@id":"https:\/\/kavickujeme.emcubio.sk\/#website"},"primaryImageOfPage":{"@id":"https:\/\/kavickujeme.emcubio.sk\/?product=brasil-carmo-de-minas#primaryimage"},"datePublished":"2022-02-14T13:17:04+00:00","dateModified":"2022-04-05T12:28:06+00:00","breadcrumb":{"@id":"https:\/\/kavickujeme.emcubio.sk\/?product=brasil-carmo-de-minas#breadcrumb"},"inLanguage":"sk-SK","potentialAction":[{"@type":"ReadAction","target":["https:\/\/kavickujeme.emcubio.sk\/?product=brasil-carmo-de-minas"]}]},{"@type":"BreadcrumbList","@id":"https:\/\/kavickujeme.emcubio.sk\/?product=brasil-carmo-de-minas#breadcrumb","itemListElement":[{"@type":"ListItem","position":1,"name":"Home","item":"https:\/\/kavickujeme.emcubio.sk\/"},{"@type":"ListItem","position":2,"name":"Obchod","item":"https:\/\/kavickujeme.emcubio.sk\/?page_id=6"},{"@type":"ListItem","position":3,"name":"Brasil Carmo de Minas"}]}]}},"_links":{"self":[{"href":"https:\/\/kavickujeme.emcubio.sk\/index.php?rest_route=\/wp\/v2\/product\/177"}],"collection":[{"href":"https:\/\/kavickujeme.emcubio.sk\/index.php?rest_route=\/wp\/v2\/product"}],"about":[{"href":"https:\/\/kavickujeme.emcubio.sk\/index.php?rest_route=\/wp\/v2\/types\/product"}],"replies":[{"embeddable":true,"href":"https:\/\/kavickujeme.emcubio.sk\/index.php?rest_route=%2Fwp%2Fv2%2Fcomments&post=177"}],"wp:featuredmedia":[{"embeddable":true,"href":"https:\/\/kavickujeme.emcubio.sk\/index.php?rest_route=\/wp\/v2\/media\/343"}],"wp:attachment":[{"href":"https:\/\/kavickujeme.emcubio.sk\/index.php?rest_route=%2Fwp%2Fv2%2Fmedia&parent=177"}],"wp:term":[{"taxonomy":"product_cat","embeddable":true,"href":"https:\/\/kavickujeme.emcubio.sk\/index.php?rest_route=%2Fwp%2Fv2%2Fproduct_cat&post=177"},{"taxonomy":"product_tag","embeddable":true,"href":"https:\/\/kavickujeme.emcubio.sk\/index.php?rest_route=%2Fwp%2Fv2%2Fproduct_tag&post=177"}],"curies":[{"name":"wp","href":"https:\/\/api.w.org\/{rel}","templated":true}]}}